{"id":31373,"date":"2024-06-19T13:36:44","date_gmt":"2024-06-19T11:36:44","guid":{"rendered":"https:\/\/www.gibbs.no\/?post_type=listing&#038;p=31373"},"modified":"2026-01-05T10:34:12","modified_gmt":"2026-01-05T09:34:12","slug":"romskog-lille-festsal","status":"publish","type":"listing","link":"https:\/\/www.gibbs.no\/sv\/listing\/romskog-lille-festsal\/","title":{"rendered":"R\u00f8mskog liten festsal"},"content":{"rendered":"<p>R\u00f8mskogs lilla festsal finns att hyra f\u00f6r dop, minnesstunder och andra sammankomster.<\/p>\n<p>Det finns plats f\u00f6r\u2026<\/p>\n<p>1. R\u00f6kning \u00e4r f\u00f6rbjuden i alla kommunala lokaler.<\/p>\n<p>P\u00e5 grund av h\u00e4lso- och hygienf\u00f6rh\u00e5llanden, hundar, katter eller andra husdjur \u00e4r inte till\u00e5tna i lokalen.<\/p>\n<p>Det r\u00e5der \u00e4ven f\u00f6rbud mot anv\u00e4ndning av levande ljus i lokalerna, batterilampor f\u00f6r anv\u00e4ndning p\u00e5 borden \u00e4r ink\u00f6pta.<\/p>\n<p>2. Enligt skollagen 9-5 \u00a7 2 mom. f\u00e5r alkohol som huvudregel inte serveras eller intas med alkohol f\u00f6r att avnjutas vid offentliga eller privata tillst\u00e4llningar. I lokaler f\u00f6r skola och andra \u00e4ndam\u00e5l kan dock under s\u00e4rskilda omst\u00e4ndigheter g\u00f6ras undantag n\u00e4r lokalerna anv\u00e4nds f\u00f6r kulturella och sociala \u00e4ndam\u00e5l utanf\u00f6r skoltid (g\u00e4ller gymnastiksal).<\/p>\n<p>3. Den som hyr lokal ansvarar f\u00f6r ordning och reda i och runt huset.<\/p>\n<p>4. Innan hyresg\u00e4sten l\u00e4mnar lokalen ska hyresg\u00e4sten kontrollera f\u00f6ljande:<\/p>\n<p>att k\u00f6ket tv\u00e4ttas enligt anslag<br \/>\natt lokalerna st\u00e4das, bord m.m. tv\u00e4ttad och l\u00e5nad utrustning s\u00e4tts tillbaka p\u00e5 plats<br \/>\natt belysningen \u00e4r sl\u00e4ckt, f\u00f6nster st\u00e4ngda, gardiner f\u00f6rdragna, d\u00f6rrar l\u00e5sta och vattenkranar\/duschar st\u00e4ngda<br \/>\n\u00b7 alla elektriska apparater st\u00e4ngs av - och uttag tas bort. Kolla s\u00e4rskilt kaffebryggare och andra elektriska apparater i k\u00f6ket<\/p>\n<p>\u00b7 att det inte finns n\u00e5gra f\u00f6rem\u00e5l som kan orsaka brand i lokalen<\/p>\n<p>\u00b7 att alla d\u00f6rrar \u00e4r l\u00e5sta<\/p>\n<p>\u00b7 att lokalerna \u00e4r folktomma<\/p>\n<p>\u00b7 lamporna s\u00e4tts p\u00e5 laddning<\/p>\n<p>5. De som hyr huset ansvarar f\u00f6r eventuella skador som kan uppst\u00e5 p\u00e5 huset eller inredningen. F\u00f6rvaltningen ska ha \u00e5terkoppling s\u00e5 snart som m\u00f6jligt om utrustning\/lokal \u00e4r felaktig eller saknas.<\/p>\n<p>6. Hyresg\u00e4sten ansvarar f\u00f6r att reglerna f\u00f6ljs.<\/p>\n<p>7. N\u00e4r m\u00e5ste arrangemanget vara klart:<\/p>\n<p>M\u00e5ndag till torsdag och s\u00f6ndag senast kl 22.00<\/p>\n<p>P\u00e5 fredag och l\u00f6rdag avslutas evenemanget kl 02.00<\/p>\n<p>Som huvudregel ska alla lokaler st\u00e4das efter avslutat arrangemang.<\/p>\n<p>8. Det kommer att finnas m\u00f6jlighet att l\u00e5na en projektor f\u00f6r m\u00f6ten och event.<\/p>\n<p>Vi har \u00e4ven ett litet h\u00f6gtalarsystem som kan anv\u00e4ndas vid uthyrning av festsal i kulturhuset och matsal i kommunhuset.<\/p>\n<p>9. Flagga: Anv\u00e4nder du lokalen efter 15.30 p\u00e5 vardagar ska du sj\u00e4lv flagga framf\u00f6r kommunhuset och placera den i hallen p\u00e5 kulturhuset.<br \/>\nAnv\u00e4nder du lokalerna p\u00e5 helger m\u00e5ste du sj\u00e4lv hissa och flagga.<\/p>\n<p>utrustning f\u00f6r 40<\/p>","protected":false},"author":6091,"featured_media":31370,"comment_status":"open","ping_status":"closed","template":"","meta":{"inline_featured_image":false,"_uag_custom_page_level_css":""},"listing_category":[],"event_category":[],"service_category":[391,394],"rental_category":[],"classifieds_category":[],"listing_feature":[75,91,94,257,68,70],"region":[],"class_list":["post-31373","listing","type-listing","status-publish","has-post-thumbnail","hentry","service_category-lokaler-og-uteomrader","service_category-selskapslokale","listing_feature-medbrakt-mat-drikke-tillatt","listing_feature-garderobe","listing_feature-kjokken","listing_feature-lydanlegg","listing_feature-skjerm-projektor","listing_feature-toalett"],"yoast_head":"<!-- This site is optimized with the Yoast SEO plugin v20.8 - https:\/\/yoast.com\/wordpress\/plugins\/seo\/ -->\n<title>R\u00f8mskog lille festsal - Gibbs.no - Bookingsystem<\/title>\n<meta name=\"robots\" content=\"index, follow, max-snippet:-1, max-image-preview:large, max-video-preview:-1\" \/>\n<link rel=\"canonical\" href=\"https:\/\/www.gibbs.no\/sv\/listing\/romskog-lille-festsal\/\" \/>\n<meta property=\"og:locale\" content=\"sv_SE\" \/>\n<meta property=\"og:type\" content=\"article\" \/>\n<meta property=\"og:title\" content=\"R\u00f8mskog lille festsal - Gibbs.no - Bookingsystem\" \/>\n<meta property=\"og:description\" content=\"R\u00f8mskog lille festsal kan leies til d\u00e5p, minnesamv\u00e6r, og andre forsamlinger. Det er plass til&#8230; 1. Det er r\u00f8ykeforbud i alle kommunale lokaler. Pga. helse og hygieneforhold kan hund, katt eller andre kj\u00e6ledyr ikke tillates i lokalene. Det er ogs\u00e5 forbud mot bruk av levende lys i lokalene, batterilys til bruk p\u00e5 bordene er kj\u00f8pt [&hellip;]\" \/>\n<meta property=\"og:url\" content=\"https:\/\/www.gibbs.no\/sv\/listing\/romskog-lille-festsal\/\" \/>\n<meta property=\"og:site_name\" content=\"Gibbs.no - Bookingsystem\" \/>\n<meta property=\"article:publisher\" content=\"https:\/\/www.facebook.com\/GibbsNorge\" \/>\n<meta property=\"article:modified_time\" content=\"2026-01-05T09:34:12+00:00\" \/>\n<meta property=\"og:image\" content=\"https:\/\/www.gibbs.no\/wp-content\/uploads\/2024\/06\/Lille-festsal-3-scaled.jpg\" \/>\n\t<meta property=\"og:image:width\" content=\"2560\" \/>\n\t<meta property=\"og:image:height\" content=\"1440\" \/>\n\t<meta property=\"og:image:type\" content=\"image\/jpeg\" \/>\n<meta name=\"twitter:card\" content=\"summary_large_image\" \/>\n<meta name=\"twitter:label1\" content=\"Est. reading time\" \/>\n\t<meta name=\"twitter:data1\" content=\"2 minutes\" \/>\n<script type=\"application\/ld+json\" class=\"yoast-schema-graph\">{\"@context\":\"https:\/\/schema.org\",\"@graph\":[{\"@type\":\"WebPage\",\"@id\":\"https:\/\/www.gibbs.no\/listing\/romskog-lille-festsal\/\",\"url\":\"https:\/\/www.gibbs.no\/listing\/romskog-lille-festsal\/\",\"name\":\"R\u00f8mskog lille festsal - Gibbs.no - Bookingsystem\",\"isPartOf\":{\"@id\":\"https:\/\/www.gibbs.no\/#website\"},\"datePublished\":\"2024-06-19T11:36:44+00:00\",\"dateModified\":\"2026-01-05T09:34:12+00:00\",\"breadcrumb\":{\"@id\":\"https:\/\/www.gibbs.no\/listing\/romskog-lille-festsal\/#breadcrumb\"},\"inLanguage\":\"sv-SE\",\"potentialAction\":[{\"@type\":\"ReadAction\",\"target\":[\"https:\/\/www.gibbs.no\/listing\/romskog-lille-festsal\/\"]}]},{\"@type\":\"BreadcrumbList\",\"@id\":\"https:\/\/www.gibbs.no\/listing\/romskog-lille-festsal\/#breadcrumb\",\"itemListElement\":[{\"@type\":\"ListItem\",\"position\":1,\"name\":\"Home\",\"item\":\"https:\/\/www.gibbs.no\/\"},{\"@type\":\"ListItem\",\"position\":2,\"name\":\"Listings\",\"item\":\"https:\/\/www.gibbs.no\/listings\/\"},{\"@type\":\"ListItem\",\"position\":3,\"name\":\"R\u00f8mskog lille festsal\"}]},{\"@type\":\"WebSite\",\"@id\":\"https:\/\/www.gibbs.no\/#website\",\"url\":\"https:\/\/www.gibbs.no\/\",\"name\":\"Gibbs.no\",\"description\":\"Bookingsystem - 1.Book 2.Betal 3.\u00c5pne\",\"publisher\":{\"@id\":\"https:\/\/www.gibbs.no\/#organization\"},\"potentialAction\":[{\"@type\":\"SearchAction\",\"target\":{\"@type\":\"EntryPoint\",\"urlTemplate\":\"https:\/\/www.gibbs.no\/?s={search_term_string}\"},\"query-input\":\"required name=search_term_string\"}],\"inLanguage\":\"sv-SE\"},{\"@type\":\"Organization\",\"@id\":\"https:\/\/www.gibbs.no\/#organization\",\"name\":\"Gibbs AS\",\"url\":\"https:\/\/www.gibbs.no\/\",\"logo\":{\"@type\":\"ImageObject\",\"inLanguage\":\"sv-SE\",\"@id\":\"https:\/\/www.gibbs.no\/#\/schema\/logo\/image\/\",\"url\":\"https:\/\/www.gibbs.no\/wp-content\/uploads\/2023\/11\/Gibbs-bookingsystem-logo.png\",\"contentUrl\":\"https:\/\/www.gibbs.no\/wp-content\/uploads\/2023\/11\/Gibbs-bookingsystem-logo.png\",\"width\":696,\"height\":696,\"caption\":\"Gibbs AS\"},\"image\":{\"@id\":\"https:\/\/www.gibbs.no\/#\/schema\/logo\/image\/\"},\"sameAs\":[\"https:\/\/www.facebook.com\/GibbsNorge\",\"https:\/\/www.linkedin.com\/company\/gibbsnorge\"]}]}<\/script>\n<!-- \/ Yoast SEO plugin. -->","yoast_head_json":{"title":"R\u00f8mskog lille festsal - Gibbs.no - Bookingsystem","robots":{"index":"index","follow":"follow","max-snippet":"max-snippet:-1","max-image-preview":"max-image-preview:large","max-video-preview":"max-video-preview:-1"},"canonical":"https:\/\/www.gibbs.no\/sv\/listing\/romskog-lille-festsal\/","og_locale":"sv_SE","og_type":"article","og_title":"R\u00f8mskog lille festsal - Gibbs.no - Bookingsystem","og_description":"R\u00f8mskog lille festsal kan leies til d\u00e5p, minnesamv\u00e6r, og andre forsamlinger. Det er plass til&#8230; 1. Det er r\u00f8ykeforbud i alle kommunale lokaler. Pga. helse og hygieneforhold kan hund, katt eller andre kj\u00e6ledyr ikke tillates i lokalene. Det er ogs\u00e5 forbud mot bruk av levende lys i lokalene, batterilys til bruk p\u00e5 bordene er kj\u00f8pt [&hellip;]","og_url":"https:\/\/www.gibbs.no\/sv\/listing\/romskog-lille-festsal\/","og_site_name":"Gibbs.no - Bookingsystem","article_publisher":"https:\/\/www.facebook.com\/GibbsNorge","article_modified_time":"2026-01-05T09:34:12+00:00","og_image":[{"width":2560,"height":1440,"url":"https:\/\/www.gibbs.no\/wp-content\/uploads\/2024\/06\/Lille-festsal-3-scaled.jpg","type":"image\/jpeg"}],"twitter_card":"summary_large_image","twitter_misc":{"Est. reading time":"2 minutes"},"schema":{"@context":"https:\/\/schema.org","@graph":[{"@type":"WebPage","@id":"https:\/\/www.gibbs.no\/listing\/romskog-lille-festsal\/","url":"https:\/\/www.gibbs.no\/listing\/romskog-lille-festsal\/","name":"R\u00f8mskog lille festsal - Gibbs.no - Bookingsystem","isPartOf":{"@id":"https:\/\/www.gibbs.no\/#website"},"datePublished":"2024-06-19T11:36:44+00:00","dateModified":"2026-01-05T09:34:12+00:00","breadcrumb":{"@id":"https:\/\/www.gibbs.no\/listing\/romskog-lille-festsal\/#breadcrumb"},"inLanguage":"sv-SE","potentialAction":[{"@type":"ReadAction","target":["https:\/\/www.gibbs.no\/listing\/romskog-lille-festsal\/"]}]},{"@type":"BreadcrumbList","@id":"https:\/\/www.gibbs.no\/listing\/romskog-lille-festsal\/#breadcrumb","itemListElement":[{"@type":"ListItem","position":1,"name":"Home","item":"https:\/\/www.gibbs.no\/"},{"@type":"ListItem","position":2,"name":"Listings","item":"https:\/\/www.gibbs.no\/listings\/"},{"@type":"ListItem","position":3,"name":"R\u00f8mskog lille festsal"}]},{"@type":"WebSite","@id":"https:\/\/www.gibbs.no\/#website","url":"https:\/\/www.gibbs.no\/","name":"Gibbs.no","description":"Bookingsystem - 1.Book 2.Betal 3.\u00c5pne","publisher":{"@id":"https:\/\/www.gibbs.no\/#organization"},"potentialAction":[{"@type":"SearchAction","target":{"@type":"EntryPoint","urlTemplate":"https:\/\/www.gibbs.no\/?s={search_term_string}"},"query-input":"required name=search_term_string"}],"inLanguage":"sv-SE"},{"@type":"Organization","@id":"https:\/\/www.gibbs.no\/#organization","name":"Gibbs AS","url":"https:\/\/www.gibbs.no\/","logo":{"@type":"ImageObject","inLanguage":"sv-SE","@id":"https:\/\/www.gibbs.no\/#\/schema\/logo\/image\/","url":"https:\/\/www.gibbs.no\/wp-content\/uploads\/2023\/11\/Gibbs-bookingsystem-logo.png","contentUrl":"https:\/\/www.gibbs.no\/wp-content\/uploads\/2023\/11\/Gibbs-bookingsystem-logo.png","width":696,"height":696,"caption":"Gibbs AS"},"image":{"@id":"https:\/\/www.gibbs.no\/#\/schema\/logo\/image\/"},"sameAs":["https:\/\/www.facebook.com\/GibbsNorge","https:\/\/www.linkedin.com\/company\/gibbsnorge"]}]}},"uagb_featured_image_src":{"full":["https:\/\/www.gibbs.no\/wp-content\/uploads\/2024\/06\/Lille-festsal-3-scaled.jpg",2560,1440,false],"thumbnail":["https:\/\/www.gibbs.no\/wp-content\/uploads\/2024\/06\/Lille-festsal-3-150x150.jpg",150,150,true],"medium":["https:\/\/www.gibbs.no\/wp-content\/uploads\/2024\/06\/Lille-festsal-3-300x169.jpg",300,169,true],"medium_large":["https:\/\/www.gibbs.no\/wp-content\/uploads\/2024\/06\/Lille-festsal-3-768x432.jpg",760,428,true],"large":["https:\/\/www.gibbs.no\/wp-content\/uploads\/2024\/06\/Lille-festsal-3-1024x576.jpg",760,428,true],"1536x1536":["https:\/\/www.gibbs.no\/wp-content\/uploads\/2024\/06\/Lille-festsal-3-1536x864.jpg",1536,864,true],"2048x2048":["https:\/\/www.gibbs.no\/wp-content\/uploads\/2024\/06\/Lille-festsal-3-2048x1152.jpg",2048,1152,true],"trp-custom-language-flag":["https:\/\/www.gibbs.no\/wp-content\/uploads\/2024\/06\/Lille-festsal-3-18x10.jpg",18,10,true],"post-thumbnail":["https:\/\/www.gibbs.no\/wp-content\/uploads\/2024\/06\/Lille-festsal-3-900x500.jpg",900,500,true],"listeo-avatar":["https:\/\/www.gibbs.no\/wp-content\/uploads\/2024\/06\/Lille-festsal-3-590x332.jpg",590,332,true],"listeo-blog-post":["https:\/\/www.gibbs.no\/wp-content\/uploads\/2024\/06\/Lille-festsal-3-1191x670.jpg",1191,670,true],"listeo-blog-related-post":["https:\/\/www.gibbs.no\/wp-content\/uploads\/2024\/06\/Lille-festsal-3-577x325.jpg",577,325,true],"listeo-post-thumb":["https:\/\/www.gibbs.no\/wp-content\/uploads\/2024\/06\/Lille-festsal-3-150x150.jpg",150,150,true],"listeo-gallery":["https:\/\/www.gibbs.no\/wp-content\/uploads\/2024\/06\/Lille-festsal-3-1200x675.jpg",1200,675,true],"listeo-listing-grid":["https:\/\/www.gibbs.no\/wp-content\/uploads\/2024\/06\/Lille-festsal-3-520x397.jpg",520,397,true],"listeo_core-avatar":["https:\/\/www.gibbs.no\/wp-content\/uploads\/2024\/06\/Lille-festsal-3-590x590.jpg",590,590,true],"listeo_core-preview":["https:\/\/www.gibbs.no\/wp-content\/uploads\/2024\/06\/Lille-festsal-3-200x200.jpg",200,200,true],"woocommerce_thumbnail":["https:\/\/www.gibbs.no\/wp-content\/uploads\/2024\/06\/Lille-festsal-3-300x300.jpg",300,300,true],"woocommerce_single":["https:\/\/www.gibbs.no\/wp-content\/uploads\/2024\/06\/Lille-festsal-3-600x338.jpg",600,338,true],"woocommerce_gallery_thumbnail":["https:\/\/www.gibbs.no\/wp-content\/uploads\/2024\/06\/Lille-festsal-3-100x100.jpg",100,100,true]},"uagb_author_info":{"display_name":"Kulturarena","author_link":"https:\/\/www.gibbs.no\/sv\/author\/kulturarena\/"},"uagb_comment_info":0,"uagb_excerpt":"R\u00f8mskog lille festsal kan leies til d\u00e5p, minnesamv\u00e6r, og andre forsamlinger. Det er plass til&#8230; 1. Det er r\u00f8ykeforbud i alle kommunale lokaler. Pga. helse og hygieneforhold kan hund, katt eller andre kj\u00e6ledyr ikke tillates i lokalene. Det er ogs\u00e5 forbud mot bruk av levende lys i lokalene, batterilys til bruk p\u00e5 bordene er kj\u00f8pt&hellip;","_links":{"self":[{"href":"https:\/\/www.gibbs.no\/sv\/wp-json\/wp\/v2\/listing\/31373","targetHints":{"allow":["GET"]}}],"collection":[{"href":"https:\/\/www.gibbs.no\/sv\/wp-json\/wp\/v2\/listing"}],"about":[{"href":"https:\/\/www.gibbs.no\/sv\/wp-json\/wp\/v2\/types\/listing"}],"author":[{"embeddable":true,"href":"https:\/\/www.gibbs.no\/sv\/wp-json\/wp\/v2\/users\/6091"}],"replies":[{"embeddable":true,"href":"https:\/\/www.gibbs.no\/sv\/wp-json\/wp\/v2\/comments?post=31373"}],"wp:featuredmedia":[{"embeddable":true,"href":"https:\/\/www.gibbs.no\/sv\/wp-json\/wp\/v2\/media\/31370"}],"wp:attachment":[{"href":"https:\/\/www.gibbs.no\/sv\/wp-json\/wp\/v2\/media?parent=31373"}],"wp:term":[{"taxonomy":"listing_category","embeddable":true,"href":"https:\/\/www.gibbs.no\/sv\/wp-json\/wp\/v2\/listing_category?post=31373"},{"taxonomy":"event_category","embeddable":true,"href":"https:\/\/www.gibbs.no\/sv\/wp-json\/wp\/v2\/event_category?post=31373"},{"taxonomy":"service_category","embeddable":true,"href":"https:\/\/www.gibbs.no\/sv\/wp-json\/wp\/v2\/service_category?post=31373"},{"taxonomy":"rental_category","embeddable":true,"href":"https:\/\/www.gibbs.no\/sv\/wp-json\/wp\/v2\/rental_category?post=31373"},{"taxonomy":"classifieds_category","embeddable":true,"href":"https:\/\/www.gibbs.no\/sv\/wp-json\/wp\/v2\/classifieds_category?post=31373"},{"taxonomy":"listing_feature","embeddable":true,"href":"https:\/\/www.gibbs.no\/sv\/wp-json\/wp\/v2\/listing_feature?post=31373"},{"taxonomy":"region","embeddable":true,"href":"https:\/\/www.gibbs.no\/sv\/wp-json\/wp\/v2\/region?post=31373"}],"curies":[{"name":"wp","href":"https:\/\/api.w.org\/{rel}","templated":true}]}}