{"id":13957,"date":"2023-08-16T14:56:50","date_gmt":"2023-08-16T12:56:50","guid":{"rendered":"https:\/\/www.gibbs.no\/?post_type=listing&#038;p=13957"},"modified":"2025-10-28T10:55:46","modified_gmt":"2025-10-28T09:55:46","slug":"os-samfunnshus-sal-stengt-fra-01-12-2025-pga-ombygging-bygging-av-ny-skole","status":"publish","type":"listing","link":"https:\/\/www.gibbs.no\/en\/listing\/os-samfunnshus-sal-stengt-fra-01-12-2025-pga-ombygging-bygging-av-ny-skole\/","title":{"rendered":"Os Samfunnshus &#8211; Sal &#8211; Stengt fra 01.12.2025 pga. ombygging \/ bygging av ny skole"},"content":{"rendered":"<p>The hall is the largest room in Os Samfunnshus. There is a total of about 350 people. It has a stage and possibilities for an amphitheater. The amphitheater has seating for around 180. If an amphitheater is desired, this must be selected as an additional service. If there is a need for a kitchen, this must be rented separately as a separate rental property<\/p>\n<p>If sound equipment is desired, this must be agreed with the cultural school at Jo Ryen<\/p>\n<p>Samfunnshuset vil fra 01.12.2025 v\u00e6re stengt for utleie i forbindelse med bygging av ny skole. Vi tar utgangspunkt i at de er ferdig til 30.06.2027, men dette er en dato med forbehold som vi m\u00e5 komme tilbake til.<\/p>","protected":false},"author":2270,"featured_media":14200,"comment_status":"open","ping_status":"closed","template":"","meta":{"inline_featured_image":false,"_uag_custom_page_level_css":""},"listing_category":[],"event_category":[],"service_category":[391,394],"rental_category":[],"classifieds_category":[],"listing_feature":[70,257,258],"region":[],"class_list":["post-13957","listing","type-listing","status-publish","has-post-thumbnail","hentry","service_category-lokaler-og-uteomrader","service_category-selskapslokale","listing_feature-toalett","listing_feature-lydanlegg","listing_feature-lysanlegg"],"yoast_head":"<!-- This site is optimized with the Yoast SEO plugin v20.8 - https:\/\/yoast.com\/wordpress\/plugins\/seo\/ -->\n<title>Os Samfunnshus - Sal - Stengt fra 01.12.2025 pga. ombygging \/ bygging av ny skole - Gibbs.no - Bookingsystem<\/title>\n<meta name=\"robots\" content=\"index, follow, max-snippet:-1, max-image-preview:large, max-video-preview:-1\" \/>\n<link rel=\"canonical\" href=\"https:\/\/www.gibbs.no\/en\/listing\/os-samfunnshus-sal\/\" \/>\n<meta property=\"og:locale\" content=\"en_US\" \/>\n<meta property=\"og:type\" content=\"article\" \/>\n<meta property=\"og:title\" content=\"Os Samfunnshus - Sal - Stengt fra 01.12.2025 pga. ombygging \/ bygging av ny skole - Gibbs.no - Bookingsystem\" \/>\n<meta property=\"og:description\" content=\"Salen er det st\u00f8rste rommet i Os Samfunnshus. Det er totalt plass til ca 350 personer. Den har scene og muligheter for amfi. I amfiet er det sitteplasser til ca 180. Om det \u00f8nskes amfi m\u00e5 dette velges som en tilleggstjeneste. Er det behov for kj\u00f8kken, m\u00e5 dette leies for seg som et eget utleieobjekt [&hellip;]\" \/>\n<meta property=\"og:url\" content=\"https:\/\/www.gibbs.no\/en\/listing\/os-samfunnshus-sal\/\" \/>\n<meta property=\"og:site_name\" content=\"Gibbs.no - Bookingsystem\" \/>\n<meta property=\"article:publisher\" content=\"https:\/\/www.facebook.com\/GibbsNorge\" \/>\n<meta property=\"article:modified_time\" content=\"2025-10-28T09:55:46+00:00\" \/>\n<meta property=\"og:image\" content=\"https:\/\/www.gibbs.no\/wp-content\/uploads\/2023\/08\/20230823_151833.jpg\" \/>\n\t<meta property=\"og:image:width\" content=\"2000\" \/>\n\t<meta property=\"og:image:height\" content=\"1500\" \/>\n\t<meta property=\"og:image:type\" content=\"image\/jpeg\" \/>\n<meta name=\"twitter:card\" content=\"summary_large_image\" \/>\n<meta name=\"twitter:label1\" content=\"Est. reading time\" \/>\n\t<meta name=\"twitter:data1\" content=\"1 minute\" \/>\n<script type=\"application\/ld+json\" class=\"yoast-schema-graph\">{\"@context\":\"https:\/\/schema.org\",\"@graph\":[{\"@type\":\"WebPage\",\"@id\":\"https:\/\/www.gibbs.no\/listing\/os-samfunnshus-sal\/\",\"url\":\"https:\/\/www.gibbs.no\/listing\/os-samfunnshus-sal\/\",\"name\":\"Os Samfunnshus - Sal - Stengt fra 01.12.2025 pga. ombygging \/ bygging av ny skole - Gibbs.no - Bookingsystem\",\"isPartOf\":{\"@id\":\"https:\/\/www.gibbs.no\/#website\"},\"datePublished\":\"2023-08-16T12:56:50+00:00\",\"dateModified\":\"2025-10-28T09:55:46+00:00\",\"breadcrumb\":{\"@id\":\"https:\/\/www.gibbs.no\/listing\/os-samfunnshus-sal\/#breadcrumb\"},\"inLanguage\":\"en-US\",\"potentialAction\":[{\"@type\":\"ReadAction\",\"target\":[\"https:\/\/www.gibbs.no\/listing\/os-samfunnshus-sal\/\"]}]},{\"@type\":\"BreadcrumbList\",\"@id\":\"https:\/\/www.gibbs.no\/listing\/os-samfunnshus-sal\/#breadcrumb\",\"itemListElement\":[{\"@type\":\"ListItem\",\"position\":1,\"name\":\"Home\",\"item\":\"https:\/\/www.gibbs.no\/\"},{\"@type\":\"ListItem\",\"position\":2,\"name\":\"Listings\",\"item\":\"https:\/\/www.gibbs.no\/listings\/\"},{\"@type\":\"ListItem\",\"position\":3,\"name\":\"Os Samfunnshus &#8211; Sal\"}]},{\"@type\":\"WebSite\",\"@id\":\"https:\/\/www.gibbs.no\/#website\",\"url\":\"https:\/\/www.gibbs.no\/\",\"name\":\"Gibbs.no\",\"description\":\"Bookingsystem - 1.Book 2.Betal 3.\u00c5pne\",\"publisher\":{\"@id\":\"https:\/\/www.gibbs.no\/#organization\"},\"potentialAction\":[{\"@type\":\"SearchAction\",\"target\":{\"@type\":\"EntryPoint\",\"urlTemplate\":\"https:\/\/www.gibbs.no\/?s={search_term_string}\"},\"query-input\":\"required name=search_term_string\"}],\"inLanguage\":\"en-US\"},{\"@type\":\"Organization\",\"@id\":\"https:\/\/www.gibbs.no\/#organization\",\"name\":\"Gibbs AS\",\"url\":\"https:\/\/www.gibbs.no\/\",\"logo\":{\"@type\":\"ImageObject\",\"inLanguage\":\"en-US\",\"@id\":\"https:\/\/www.gibbs.no\/#\/schema\/logo\/image\/\",\"url\":\"https:\/\/www.gibbs.no\/wp-content\/uploads\/2023\/11\/Gibbs-bookingsystem-logo.png\",\"contentUrl\":\"https:\/\/www.gibbs.no\/wp-content\/uploads\/2023\/11\/Gibbs-bookingsystem-logo.png\",\"width\":696,\"height\":696,\"caption\":\"Gibbs AS\"},\"image\":{\"@id\":\"https:\/\/www.gibbs.no\/#\/schema\/logo\/image\/\"},\"sameAs\":[\"https:\/\/www.facebook.com\/GibbsNorge\",\"https:\/\/www.linkedin.com\/company\/gibbsnorge\"]}]}<\/script>\n<!-- \/ Yoast SEO plugin. -->","yoast_head_json":{"title":"Os Samfunnshus - Sal - Stengt fra 01.12.2025 pga. ombygging \/ bygging av ny skole - Gibbs.no - Bookingsystem","robots":{"index":"index","follow":"follow","max-snippet":"max-snippet:-1","max-image-preview":"max-image-preview:large","max-video-preview":"max-video-preview:-1"},"canonical":"https:\/\/www.gibbs.no\/en\/listing\/os-samfunnshus-sal\/","og_locale":"en_US","og_type":"article","og_title":"Os Samfunnshus - Sal - Stengt fra 01.12.2025 pga. ombygging \/ bygging av ny skole - Gibbs.no - Bookingsystem","og_description":"Salen er det st\u00f8rste rommet i Os Samfunnshus. Det er totalt plass til ca 350 personer. Den har scene og muligheter for amfi. I amfiet er det sitteplasser til ca 180. Om det \u00f8nskes amfi m\u00e5 dette velges som en tilleggstjeneste. Er det behov for kj\u00f8kken, m\u00e5 dette leies for seg som et eget utleieobjekt [&hellip;]","og_url":"https:\/\/www.gibbs.no\/en\/listing\/os-samfunnshus-sal\/","og_site_name":"Gibbs.no - Bookingsystem","article_publisher":"https:\/\/www.facebook.com\/GibbsNorge","article_modified_time":"2025-10-28T09:55:46+00:00","og_image":[{"width":2000,"height":1500,"url":"https:\/\/www.gibbs.no\/wp-content\/uploads\/2023\/08\/20230823_151833.jpg","type":"image\/jpeg"}],"twitter_card":"summary_large_image","twitter_misc":{"Est. reading time":"1 minute"},"schema":{"@context":"https:\/\/schema.org","@graph":[{"@type":"WebPage","@id":"https:\/\/www.gibbs.no\/listing\/os-samfunnshus-sal\/","url":"https:\/\/www.gibbs.no\/listing\/os-samfunnshus-sal\/","name":"Os Samfunnshus - Sal - Stengt fra 01.12.2025 pga. ombygging \/ bygging av ny skole - Gibbs.no - Bookingsystem","isPartOf":{"@id":"https:\/\/www.gibbs.no\/#website"},"datePublished":"2023-08-16T12:56:50+00:00","dateModified":"2025-10-28T09:55:46+00:00","breadcrumb":{"@id":"https:\/\/www.gibbs.no\/listing\/os-samfunnshus-sal\/#breadcrumb"},"inLanguage":"en-US","potentialAction":[{"@type":"ReadAction","target":["https:\/\/www.gibbs.no\/listing\/os-samfunnshus-sal\/"]}]},{"@type":"BreadcrumbList","@id":"https:\/\/www.gibbs.no\/listing\/os-samfunnshus-sal\/#breadcrumb","itemListElement":[{"@type":"ListItem","position":1,"name":"Home","item":"https:\/\/www.gibbs.no\/"},{"@type":"ListItem","position":2,"name":"Listings","item":"https:\/\/www.gibbs.no\/listings\/"},{"@type":"ListItem","position":3,"name":"Os Samfunnshus &#8211; Sal"}]},{"@type":"WebSite","@id":"https:\/\/www.gibbs.no\/#website","url":"https:\/\/www.gibbs.no\/","name":"Gibbs.no","description":"Bookingsystem - 1.Book 2.Betal 3.\u00c5pne","publisher":{"@id":"https:\/\/www.gibbs.no\/#organization"},"potentialAction":[{"@type":"SearchAction","target":{"@type":"EntryPoint","urlTemplate":"https:\/\/www.gibbs.no\/?s={search_term_string}"},"query-input":"required name=search_term_string"}],"inLanguage":"en-US"},{"@type":"Organization","@id":"https:\/\/www.gibbs.no\/#organization","name":"Gibbs AS","url":"https:\/\/www.gibbs.no\/","logo":{"@type":"ImageObject","inLanguage":"en-US","@id":"https:\/\/www.gibbs.no\/#\/schema\/logo\/image\/","url":"https:\/\/www.gibbs.no\/wp-content\/uploads\/2023\/11\/Gibbs-bookingsystem-logo.png","contentUrl":"https:\/\/www.gibbs.no\/wp-content\/uploads\/2023\/11\/Gibbs-bookingsystem-logo.png","width":696,"height":696,"caption":"Gibbs AS"},"image":{"@id":"https:\/\/www.gibbs.no\/#\/schema\/logo\/image\/"},"sameAs":["https:\/\/www.facebook.com\/GibbsNorge","https:\/\/www.linkedin.com\/company\/gibbsnorge"]}]}},"uagb_featured_image_src":{"full":["https:\/\/www.gibbs.no\/wp-content\/uploads\/2023\/08\/20230823_151833.jpg",2000,1500,false],"thumbnail":["https:\/\/www.gibbs.no\/wp-content\/uploads\/2023\/08\/20230823_151833-150x150.jpg",150,150,true],"medium":["https:\/\/www.gibbs.no\/wp-content\/uploads\/2023\/08\/20230823_151833-300x225.jpg",300,225,true],"medium_large":["https:\/\/www.gibbs.no\/wp-content\/uploads\/2023\/08\/20230823_151833-768x576.jpg",760,570,true],"large":["https:\/\/www.gibbs.no\/wp-content\/uploads\/2023\/08\/20230823_151833-1024x768.jpg",760,570,true],"1536x1536":["https:\/\/www.gibbs.no\/wp-content\/uploads\/2023\/08\/20230823_151833-1536x1152.jpg",1536,1152,true],"2048x2048":["https:\/\/www.gibbs.no\/wp-content\/uploads\/2023\/08\/20230823_151833.jpg",2000,1500,false],"trp-custom-language-flag":["https:\/\/www.gibbs.no\/wp-content\/uploads\/2023\/08\/20230823_151833-16x12.jpg",16,12,true],"post-thumbnail":["https:\/\/www.gibbs.no\/wp-content\/uploads\/2023\/08\/20230823_151833-900x500.jpg",900,500,true],"listeo-avatar":["https:\/\/www.gibbs.no\/wp-content\/uploads\/2023\/08\/20230823_151833-590x443.jpg",590,443,true],"listeo-blog-post":["https:\/\/www.gibbs.no\/wp-content\/uploads\/2023\/08\/20230823_151833-893x670.jpg",893,670,true],"listeo-blog-related-post":["https:\/\/www.gibbs.no\/wp-content\/uploads\/2023\/08\/20230823_151833-577x433.jpg",577,433,true],"listeo-post-thumb":["https:\/\/www.gibbs.no\/wp-content\/uploads\/2023\/08\/20230823_151833-150x150.jpg",150,150,true],"listeo-gallery":["https:\/\/www.gibbs.no\/wp-content\/uploads\/2023\/08\/20230823_151833-1200x900.jpg",1200,900,true],"listeo-listing-grid":["https:\/\/www.gibbs.no\/wp-content\/uploads\/2023\/08\/20230823_151833-520x397.jpg",520,397,true],"listeo_core-avatar":["https:\/\/www.gibbs.no\/wp-content\/uploads\/2023\/08\/20230823_151833-590x590.jpg",590,590,true],"listeo_core-preview":["https:\/\/www.gibbs.no\/wp-content\/uploads\/2023\/08\/20230823_151833-200x200.jpg",200,200,true],"woocommerce_thumbnail":["https:\/\/www.gibbs.no\/wp-content\/uploads\/2023\/08\/20230823_151833-300x300.jpg",300,300,true],"woocommerce_single":["https:\/\/www.gibbs.no\/wp-content\/uploads\/2023\/08\/20230823_151833-600x450.jpg",600,450,true],"woocommerce_gallery_thumbnail":["https:\/\/www.gibbs.no\/wp-content\/uploads\/2023\/08\/20230823_151833-100x100.jpg",100,100,true]},"uagb_author_info":{"display_name":"Os kommune","author_link":"https:\/\/www.gibbs.no\/en\/author\/os-kommune\/"},"uagb_comment_info":0,"uagb_excerpt":"Salen er det st\u00f8rste rommet i Os Samfunnshus. Det er totalt plass til ca 350 personer. Den har scene og muligheter for amfi. I amfiet er det sitteplasser til ca 180. Om det \u00f8nskes amfi m\u00e5 dette velges som en tilleggstjeneste. Er det behov for kj\u00f8kken, m\u00e5 dette leies for seg som et eget utleieobjekt&hellip;","_links":{"self":[{"href":"https:\/\/www.gibbs.no\/en\/wp-json\/wp\/v2\/listing\/13957","targetHints":{"allow":["GET"]}}],"collection":[{"href":"https:\/\/www.gibbs.no\/en\/wp-json\/wp\/v2\/listing"}],"about":[{"href":"https:\/\/www.gibbs.no\/en\/wp-json\/wp\/v2\/types\/listing"}],"author":[{"embeddable":true,"href":"https:\/\/www.gibbs.no\/en\/wp-json\/wp\/v2\/users\/2270"}],"replies":[{"embeddable":true,"href":"https:\/\/www.gibbs.no\/en\/wp-json\/wp\/v2\/comments?post=13957"}],"wp:featuredmedia":[{"embeddable":true,"href":"https:\/\/www.gibbs.no\/en\/wp-json\/wp\/v2\/media\/14200"}],"wp:attachment":[{"href":"https:\/\/www.gibbs.no\/en\/wp-json\/wp\/v2\/media?parent=13957"}],"wp:term":[{"taxonomy":"listing_category","embeddable":true,"href":"https:\/\/www.gibbs.no\/en\/wp-json\/wp\/v2\/listing_category?post=13957"},{"taxonomy":"event_category","embeddable":true,"href":"https:\/\/www.gibbs.no\/en\/wp-json\/wp\/v2\/event_category?post=13957"},{"taxonomy":"service_category","embeddable":true,"href":"https:\/\/www.gibbs.no\/en\/wp-json\/wp\/v2\/service_category?post=13957"},{"taxonomy":"rental_category","embeddable":true,"href":"https:\/\/www.gibbs.no\/en\/wp-json\/wp\/v2\/rental_category?post=13957"},{"taxonomy":"classifieds_category","embeddable":true,"href":"https:\/\/www.gibbs.no\/en\/wp-json\/wp\/v2\/classifieds_category?post=13957"},{"taxonomy":"listing_feature","embeddable":true,"href":"https:\/\/www.gibbs.no\/en\/wp-json\/wp\/v2\/listing_feature?post=13957"},{"taxonomy":"region","embeddable":true,"href":"https:\/\/www.gibbs.no\/en\/wp-json\/wp\/v2\/region?post=13957"}],"curies":[{"name":"wp","href":"https:\/\/api.w.org\/{rel}","templated":true}]}}